{"id":1650,"date":"2019-07-18T11:35:14","date_gmt":"2019-07-18T09:35:14","guid":{"rendered":"https:\/\/hotelvittorio.it\/camere\/"},"modified":"2024-10-23T19:06:28","modified_gmt":"2024-10-23T17:06:28","slug":"zimmer","status":"publish","type":"page","link":"https:\/\/hotelvittorio.it\/de\/zimmer\/","title":{"rendered":"Zimmer"},"content":{"rendered":"<section class=\"l-section wpb_row header-camere height_huge with_img\"><div class=\"l-section-img\" role=\"img\" data-img-width=\"2048\" data-img-height=\"1365\" style=\"background-image: url(https:\/\/hotelvittorio.it\/wp-content\/uploads\/2019\/07\/IMG_6205.jpg);\"><\/div><div class=\"l-section-h i-cf\"><div class=\"g-cols vc_row via_flex valign_top type_default stacking_default\"><div class=\"vc_col-sm-12 wpb_column vc_column_container\"><div class=\"vc_column-inner\"><div class=\"wpb_wrapper\"><div class=\"ult-spacer spacer-69ee6825ecf53\" data-id=\"69ee6825ecf53\" data-height=\"10\" data-height-mobile=\"50\" data-height-tab=\"50\" data-height-tab-portrait=\"50\" data-height-mobile-landscape=\"50\" style=\"clear:both;display:block;\"><\/div><div class=\"g-cols wpb_row via_flex valign_middle type_default stacking_default\"><div class=\"vc_col-sm-4 wpb_column vc_column_container\"><div class=\"vc_column-inner\"><div class=\"wpb_wrapper\"><div class=\"wpb_text_column bollino-tondo\"><div class=\"wpb_wrapper\"><p style=\"text-align: center;\">Sparen Sie<\/p>\n<h3 style=\"text-align: center;\">5\u20ac<\/h3>\n<p style=\"text-align: center;\">am Tag<\/p>\n<\/div><\/div><div class=\"ult-content-box-container blocco-disintermediazione\" >\t\t<div class=\"ult-content-box\" style=\"background-color:#81519b;box-shadow: px px px px none;padding:8%;-webkit-transition: all 700ms ease;-moz-transition: all 700ms ease;-ms-transition: all 700ms ease;-o-transition: all 700ms ease;transition: all 700ms ease;\"  data-hover_bg_color=\"#81519b\"  data-hover_box_shadow=\"none\"     data-bg=\"#81519b\" >\t\t<\/div><\/div><div class=\"wpb_text_column\"><div class=\"wpb_wrapper\"><h2>Woanders<br \/>\nsuchen ist Zeitverschwendung.<\/h2>\n<p>Die besten Preise gibt es garantiert hier!<\/p>\n<\/div><\/div><\/div><\/div><\/div><div class=\"vc_col-sm-8 wpb_column vc_column_container\"><div class=\"vc_column-inner us_custom_a8a5605f\"><div class=\"wpb_wrapper\"><div class=\"ult-spacer spacer-69ee682607a46\" data-id=\"69ee682607a46\" data-height=\"10\" data-height-mobile=\"300\" data-height-tab=\"300\" data-height-tab-portrait=\"300\" data-height-mobile-landscape=\"300\" style=\"clear:both;display:block;\"><\/div><\/div><\/div><\/div><\/div><\/div><\/div><\/div><\/div><\/div><\/section><section class=\"l-section wpb_row height_small\"><div class=\"l-section-h i-cf\"><div class=\"g-cols vc_row via_flex valign_top type_default stacking_default\"><div class=\"vc_col-sm-12 wpb_column vc_column_container\"><div class=\"vc_column-inner\"><div class=\"wpb_wrapper\"><div class=\"g-cols wpb_row blocco-centrale-sfondo-grigio via_flex valign_top type_default stacking_default\"><div class=\"vc_col-sm-8 wpb_column vc_column_container no-padding\"><div class=\"vc_column-inner\"><div class=\"wpb_wrapper\"><div class=\"w-slider style_none fit_cover nav_none count_8\"><div class=\"w-slider-h\"><div class=\"royalSlider\"><div class=\"rsContent\"><a class=\"rsImg\" data-rsw=\"1920\" data-rsh=\"1280\" data-rsBigImg=\"https:\/\/hotelvittorio.it\/wp-content\/uploads\/2019\/07\/economy-parigi-5.jpg\" href=\"https:\/\/hotelvittorio.it\/wp-content\/uploads\/2019\/07\/economy-parigi-5.jpg\"><span data-alt=\"Camere Hotel Vittorio Desenzano del Garda\"><\/span><\/a><\/div><div class=\"rsContent\"><a class=\"rsImg\" data-rsw=\"1920\" data-rsh=\"1352\" data-rsBigImg=\"https:\/\/hotelvittorio.it\/wp-content\/uploads\/2019\/07\/economylondra1.jpg\" href=\"https:\/\/hotelvittorio.it\/wp-content\/uploads\/2019\/07\/economylondra1.jpg\"><span data-alt=\"Camere Hotel Vittorio Desenzano del Garda\"><\/span><\/a><\/div><div class=\"rsContent\"><a class=\"rsImg\" data-rsw=\"1920\" data-rsh=\"1280\" data-rsBigImg=\"https:\/\/hotelvittorio.it\/wp-content\/uploads\/2019\/07\/economy-berlino3.jpg\" href=\"https:\/\/hotelvittorio.it\/wp-content\/uploads\/2019\/07\/economy-berlino3.jpg\"><span data-alt=\"Camere Hotel Vittorio Desenzano del Garda\"><\/span><\/a><\/div><div class=\"rsContent\"><a class=\"rsImg\" data-rsw=\"1920\" data-rsh=\"1280\" data-rsBigImg=\"https:\/\/hotelvittorio.it\/wp-content\/uploads\/2019\/07\/economy1.jpg\" href=\"https:\/\/hotelvittorio.it\/wp-content\/uploads\/2019\/07\/economy1.jpg\"><span data-alt=\"Camere Hotel Vittorio Desenzano del Garda\"><\/span><\/a><\/div><div class=\"rsContent\"><a class=\"rsImg\" data-rsw=\"1920\" data-rsh=\"1280\" data-rsBigImg=\"https:\/\/hotelvittorio.it\/wp-content\/uploads\/2019\/07\/economy6.jpg\" href=\"https:\/\/hotelvittorio.it\/wp-content\/uploads\/2019\/07\/economy6.jpg\"><span data-alt=\"Camere Hotel Vittorio Desenzano del Garda\"><\/span><\/a><\/div><div class=\"rsContent\"><a class=\"rsImg\" data-rsw=\"1920\" data-rsh=\"1280\" data-rsBigImg=\"https:\/\/hotelvittorio.it\/wp-content\/uploads\/2019\/07\/economy-berlino1.jpg\" href=\"https:\/\/hotelvittorio.it\/wp-content\/uploads\/2019\/07\/economy-berlino1.jpg\"><span data-alt=\"Camere Hotel Vittorio Desenzano del Garda\"><\/span><\/a><\/div><div class=\"rsContent\"><a class=\"rsImg\" data-rsw=\"1920\" data-rsh=\"1280\" data-rsBigImg=\"https:\/\/hotelvittorio.it\/wp-content\/uploads\/2019\/09\/camera-economy.jpg\" href=\"https:\/\/hotelvittorio.it\/wp-content\/uploads\/2019\/09\/camera-economy.jpg\"><span data-alt=\"Hotel Vittorio Desenzano del Garda\"><\/span><\/a><\/div><div class=\"rsContent\"><a class=\"rsImg\" data-rsw=\"1920\" data-rsh=\"1280\" data-rsBigImg=\"https:\/\/hotelvittorio.it\/wp-content\/uploads\/2019\/09\/camera-economy-2.jpg\" href=\"https:\/\/hotelvittorio.it\/wp-content\/uploads\/2019\/09\/camera-economy-2.jpg\"><span data-alt=\"Hotel Vittorio Desenzano del Garda\"><\/span><\/a><\/div><\/div><img decoding=\"async\" src=\"https:\/\/hotelvittorio.it\/wp-content\/uploads\/2019\/07\/economy-parigi-5.jpg\" width=\"1920\" height=\"1280\" alt=\"Camere Hotel Vittorio Desenzano del Garda\" loading=\"lazy\"><\/div><div class=\"w-slider-json\" onclick='return {&quot;autoScaleSlider&quot;:true,&quot;addActiveClass&quot;:true,&quot;loop&quot;:true,&quot;fadeInLoadedSlide&quot;:false,&quot;slidesSpacing&quot;:0,&quot;imageScalePadding&quot;:0,&quot;numImagesToPreload&quot;:2,&quot;arrowsNav&quot;:true,&quot;arrowsNavAutoHide&quot;:false,&quot;transitionType&quot;:&quot;move&quot;,&quot;transitionSpeed&quot;:250,&quot;block&quot;:{&quot;moveEffect&quot;:&quot;none&quot;,&quot;speed&quot;:300},&quot;thumbs&quot;:{&quot;fitInViewport&quot;:false,&quot;firstMargin&quot;:false,&quot;spacing&quot;:4},&quot;controlNavigation&quot;:&quot;none&quot;,&quot;fullscreen&quot;:{&quot;enabled&quot;:true},&quot;autoScaleSliderWidth&quot;:1920,&quot;autoScaleSliderHeight&quot;:1280}'><\/div><\/div><\/div><\/div><\/div><div class=\"vc_col-sm-4 wpb_column vc_column_container no-padding camera-dx\"><div class=\"vc_column-inner\"><div class=\"wpb_wrapper\"><div class=\"ult-content-box-container \" >\t\t<div class=\"ult-content-box\" style=\"background-color:#81519b;box-shadow: px px px px none;padding:5%;-webkit-transition: all 700ms ease;-moz-transition: all 700ms ease;-ms-transition: all 700ms ease;-o-transition: all 700ms ease;transition: all 700ms ease;\"  data-hover_bg_color=\"#81519b\"  data-hover_box_shadow=\"none\"     data-bg=\"#81519b\" >\t\t<\/div><\/div><div class=\"wpb_text_column\"><div class=\"wpb_wrapper\"><h2>Economy<\/h2>\n<p>Hier finden bis zu 2 Personen Platz.<br \/>\nBetten: Doppel- oder zwei Einzelbetten<\/p>\n<\/div><\/div><div class=\"wpb_text_column\"><div class=\"wpb_wrapper\"><p>Zimmer im modernen Stil, k\u00fcrzlich renoviert, ausgezeichnetes Preis-Leistungs-Verh\u00e4ltnis. Zimmer ohne Seeblick und ohne Balkon mit Blick auf die blumengeschm\u00fcckte Terrasse.<\/p>\n<p><strong>Ausstattung:<\/strong> kostenloses WLAN, Klimaanlage, Heizung, Safe, Parkettboden, F\u00f6n, Dusche, LCD-Sat-TV, K\u00fchlschrank.<\/p>\n<\/div><\/div><div class=\"w-btn-wrapper align_none\"><a class=\"w-btn us-btn-style_4 bot-richiesta\" title=\"Richiesta\" href=\"https:\/\/hotelvittorio.it\/de\/anfrage\/\"><span class=\"w-btn-label\">ANFRAGE<\/span><\/a><\/div><div class=\"w-btn-wrapper align_none\"><a class=\"w-btn us-btn-style_3 bot-prenota\" title=\"Prenota\" target=\" _blank\" rel=\"nofollow\" href=\"https:\/\/booking.ericsoft.com\/BookingEngine\/Book?idh=46891982DF5CFFDF&amp;lang=de&amp;cur=EUR\"><span class=\"w-btn-label\">BUCHEN<\/span><\/a><\/div><\/div><\/div><\/div><\/div><\/div><\/div><\/div><\/div><\/div><\/section><section class=\"l-section wpb_row height_small\"><div class=\"l-section-h i-cf\"><div class=\"g-cols vc_row via_flex valign_top type_default stacking_default\"><div class=\"vc_col-sm-12 wpb_column vc_column_container\"><div class=\"vc_column-inner\"><div class=\"wpb_wrapper\"><div class=\"g-cols wpb_row blocco-centrale-sfondo-grigio via_flex valign_top type_default stacking_default\"><div class=\"vc_col-sm-8 wpb_column vc_column_container no-padding\"><div class=\"vc_column-inner\"><div class=\"wpb_wrapper\"><div class=\"w-slider style_none fit_cover nav_none count_7\"><div class=\"w-slider-h\"><div class=\"royalSlider\"><div class=\"rsContent\"><a class=\"rsImg\" data-rsw=\"1920\" data-rsh=\"1279\" data-rsBigImg=\"https:\/\/hotelvittorio.it\/wp-content\/uploads\/2019\/10\/IMG_2659.jpg\" href=\"https:\/\/hotelvittorio.it\/wp-content\/uploads\/2019\/10\/IMG_2659.jpg\"><span data-alt=\"Camere Hotel Vittorio Desenzano del Garda\"><\/span><\/a><\/div><div class=\"rsContent\"><a class=\"rsImg\" data-rsw=\"1920\" data-rsh=\"1279\" data-rsBigImg=\"https:\/\/hotelvittorio.it\/wp-content\/uploads\/2019\/10\/IMG_2645.jpg\" href=\"https:\/\/hotelvittorio.it\/wp-content\/uploads\/2019\/10\/IMG_2645.jpg\"><span data-alt=\"Camere Hotel Vittorio Desenzano del Garda\"><\/span><\/a><\/div><div class=\"rsContent\"><a class=\"rsImg\" data-rsw=\"1920\" data-rsh=\"1280\" data-rsBigImg=\"https:\/\/hotelvittorio.it\/wp-content\/uploads\/2019\/10\/IMG_2680.jpg\" href=\"https:\/\/hotelvittorio.it\/wp-content\/uploads\/2019\/10\/IMG_2680.jpg\"><span data-alt=\"Camere Hotel Vittorio Desenzano del Garda\"><\/span><\/a><\/div><div class=\"rsContent\"><a class=\"rsImg\" data-rsw=\"2048\" data-rsh=\"1367\" data-rsBigImg=\"https:\/\/hotelvittorio.it\/wp-content\/uploads\/2019\/07\/IMG_6282_3_4pmx.jpg\" href=\"https:\/\/hotelvittorio.it\/wp-content\/uploads\/2019\/07\/IMG_6282_3_4pmx.jpg\"><span data-alt=\"Porto vecchio Desenzano del Garda\"><\/span><\/a><\/div><div class=\"rsContent\"><a class=\"rsImg\" data-rsw=\"2048\" data-rsh=\"1366\" data-rsBigImg=\"https:\/\/hotelvittorio.it\/wp-content\/uploads\/2019\/07\/IMG_6215_6_7_8_9pmx.jpg\" href=\"https:\/\/hotelvittorio.it\/wp-content\/uploads\/2019\/07\/IMG_6215_6_7_8_9pmx.jpg\"><span data-alt=\"Camere Hotel Vittorio Desenzano del Garda\"><\/span><\/a><\/div><div class=\"rsContent\"><a class=\"rsImg\" data-rsw=\"1920\" data-rsh=\"1247\" data-rsBigImg=\"https:\/\/hotelvittorio.it\/wp-content\/uploads\/2019\/07\/doppia-vista-piazza.jpg\" href=\"https:\/\/hotelvittorio.it\/wp-content\/uploads\/2019\/07\/doppia-vista-piazza.jpg\"><span data-alt=\"Camere Hotel Vittorio Desenzano del Garda\"><\/span><\/a><\/div><div class=\"rsContent\"><a class=\"rsImg\" data-rsw=\"1920\" data-rsh=\"1280\" data-rsBigImg=\"https:\/\/hotelvittorio.it\/wp-content\/uploads\/2019\/07\/camera-porto-vecchio10.jpg\" href=\"https:\/\/hotelvittorio.it\/wp-content\/uploads\/2019\/07\/camera-porto-vecchio10.jpg\"><span data-alt=\"Camere Hotel Vittorio Desenzano del Garda\"><\/span><\/a><\/div><\/div><img decoding=\"async\" src=\"https:\/\/hotelvittorio.it\/wp-content\/uploads\/2019\/10\/IMG_2659.jpg\" width=\"1920\" height=\"1279\" alt=\"Camere Hotel Vittorio Desenzano del Garda\" loading=\"lazy\"><\/div><div class=\"w-slider-json\" onclick='return {&quot;autoScaleSlider&quot;:true,&quot;addActiveClass&quot;:true,&quot;loop&quot;:true,&quot;fadeInLoadedSlide&quot;:false,&quot;slidesSpacing&quot;:0,&quot;imageScalePadding&quot;:0,&quot;numImagesToPreload&quot;:2,&quot;arrowsNav&quot;:true,&quot;arrowsNavAutoHide&quot;:false,&quot;transitionType&quot;:&quot;move&quot;,&quot;transitionSpeed&quot;:250,&quot;block&quot;:{&quot;moveEffect&quot;:&quot;none&quot;,&quot;speed&quot;:300},&quot;thumbs&quot;:{&quot;fitInViewport&quot;:false,&quot;firstMargin&quot;:false,&quot;spacing&quot;:4},&quot;controlNavigation&quot;:&quot;none&quot;,&quot;fullscreen&quot;:{&quot;enabled&quot;:true},&quot;autoScaleSliderWidth&quot;:1920,&quot;autoScaleSliderHeight&quot;:1279}'><\/div><\/div><\/div><\/div><\/div><div class=\"vc_col-sm-4 wpb_column vc_column_container no-padding camera-dx\"><div class=\"vc_column-inner\"><div class=\"wpb_wrapper\"><div class=\"ult-content-box-container \" >\t\t<div class=\"ult-content-box\" style=\"background-color:#81519b;box-shadow: px px px px none;padding:5%;-webkit-transition: all 700ms ease;-moz-transition: all 700ms ease;-ms-transition: all 700ms ease;-o-transition: all 700ms ease;transition: all 700ms ease;\"  data-hover_bg_color=\"#81519b\"  data-hover_box_shadow=\"none\"     data-bg=\"#81519b\" >\t\t<\/div><\/div><div class=\"wpb_text_column\"><div class=\"wpb_wrapper\"><h2>Teilweise Seeblick<\/h2>\n<p>Hier finden bis zu 2 Personen Platz.<br \/>\nBetten: Doppel- oder zwei Einzelbetten<\/p>\n<\/div><\/div><div class=\"wpb_text_column\"><div class=\"wpb_wrapper\"><p>Zimmer ohne Balkon mit teilweisem Seeblick, moderne Zimmer mit Blick auf den alten Hafen oder die Piazza der Altstadt mit ihren alten Geb\u00e4uden.<\/p>\n<p><strong>Ausstattung:<\/strong> kostenloses WLAN, Klimaanlage, Heizung, Safe, Parkettboden, F\u00f6n, Dusche, LCD-Sat-TV, K\u00fchlschrank. <\/p>\n<\/div><\/div><div class=\"w-btn-wrapper align_none\"><a class=\"w-btn us-btn-style_4 bot-richiesta\" title=\"Richiesta\" href=\"https:\/\/hotelvittorio.it\/de\/anfrage\/\"><span class=\"w-btn-label\">ANFRAGE<\/span><\/a><\/div><div class=\"w-btn-wrapper align_none\"><a class=\"w-btn us-btn-style_3 bot-prenota\" title=\"Prenota\" target=\" _blank\" rel=\"nofollow\" href=\"https:\/\/booking.ericsoft.com\/BookingEngine\/Book?idh=46891982DF5CFFDF&amp;lang=de&amp;cur=EUR\"><span class=\"w-btn-label\">BUCHEN<\/span><\/a><\/div><\/div><\/div><\/div><\/div><\/div><\/div><\/div><\/div><\/div><\/section><section class=\"l-section wpb_row height_small\"><div class=\"l-section-h i-cf\"><div class=\"g-cols vc_row via_flex valign_top type_default stacking_default\"><div class=\"vc_col-sm-12 wpb_column vc_column_container\"><div class=\"vc_column-inner\"><div class=\"wpb_wrapper\"><div class=\"g-cols wpb_row blocco-centrale-sfondo-grigio via_flex valign_top type_default stacking_default\"><div class=\"vc_col-sm-8 wpb_column vc_column_container no-padding\"><div class=\"vc_column-inner\"><div class=\"wpb_wrapper\"><div class=\"w-slider style_none fit_cover nav_none count_11\"><div class=\"w-slider-h\"><div class=\"royalSlider\"><div class=\"rsContent\"><a class=\"rsImg\" data-rsw=\"2048\" data-rsh=\"1365\" data-rsBigImg=\"https:\/\/hotelvittorio.it\/wp-content\/uploads\/2019\/07\/IMG_6205.jpg\" href=\"https:\/\/hotelvittorio.it\/wp-content\/uploads\/2019\/07\/IMG_6205.jpg\"><span data-alt=\"Terrazza Hotel Vittorio Desenzano del Garda\"><\/span><\/a><\/div><div class=\"rsContent\"><a class=\"rsImg\" data-rsw=\"2048\" data-rsh=\"1368\" data-rsBigImg=\"https:\/\/hotelvittorio.it\/wp-content\/uploads\/2019\/07\/IMG_6194_5_6_7pmx.jpg\" href=\"https:\/\/hotelvittorio.it\/wp-content\/uploads\/2019\/07\/IMG_6194_5_6_7pmx.jpg\"><span data-alt=\"Camere Hotel Vittorio Desenzano del Garda\"><\/span><\/a><\/div><div class=\"rsContent\"><a class=\"rsImg\" data-rsw=\"1920\" data-rsh=\"1280\" data-rsBigImg=\"https:\/\/hotelvittorio.it\/wp-content\/uploads\/2019\/07\/doppia-balcone-5.jpg\" href=\"https:\/\/hotelvittorio.it\/wp-content\/uploads\/2019\/07\/doppia-balcone-5.jpg\"><span data-alt=\"Camere Hotel Vittorio Desenzano del Garda\"><\/span><\/a><\/div><div class=\"rsContent\"><a class=\"rsImg\" data-rsw=\"1920\" data-rsh=\"1280\" data-rsBigImg=\"https:\/\/hotelvittorio.it\/wp-content\/uploads\/2019\/07\/doppia-balcone-4.jpg\" href=\"https:\/\/hotelvittorio.it\/wp-content\/uploads\/2019\/07\/doppia-balcone-4.jpg\"><span data-alt=\"Camere Hotel Vittorio Desenzano del Garda\"><\/span><\/a><\/div><div class=\"rsContent\"><a class=\"rsImg\" data-rsw=\"1920\" data-rsh=\"1280\" data-rsBigImg=\"https:\/\/hotelvittorio.it\/wp-content\/uploads\/2019\/07\/doppia-balcone-7.jpg\" href=\"https:\/\/hotelvittorio.it\/wp-content\/uploads\/2019\/07\/doppia-balcone-7.jpg\"><span data-alt=\"Camere Hotel Vittorio Desenzano del Garda\"><\/span><\/a><\/div><div class=\"rsContent\"><a class=\"rsImg\" data-rsw=\"1920\" data-rsh=\"1278\" data-rsBigImg=\"https:\/\/hotelvittorio.it\/wp-content\/uploads\/2019\/10\/IMG_2567.jpg\" href=\"https:\/\/hotelvittorio.it\/wp-content\/uploads\/2019\/10\/IMG_2567.jpg\"><span data-alt=\"Vista lago Hotel Vittorio Desenzano del Garda\"><\/span><\/a><\/div><div class=\"rsContent\"><a class=\"rsImg\" data-rsw=\"1920\" data-rsh=\"1280\" data-rsBigImg=\"https:\/\/hotelvittorio.it\/wp-content\/uploads\/2019\/10\/IMG_2526.jpg\" href=\"https:\/\/hotelvittorio.it\/wp-content\/uploads\/2019\/10\/IMG_2526.jpg\"><span data-alt=\"Terrazza Hotel Vittorio Desenzano del Garda\"><\/span><\/a><\/div><div class=\"rsContent\"><a class=\"rsImg\" data-rsw=\"1920\" data-rsh=\"1280\" data-rsBigImg=\"https:\/\/hotelvittorio.it\/wp-content\/uploads\/2019\/10\/IMG_2344.jpg\" href=\"https:\/\/hotelvittorio.it\/wp-content\/uploads\/2019\/10\/IMG_2344.jpg\"><span data-alt=\"Camere Hotel Vittorio Desenzano del Garda\"><\/span><\/a><\/div><div class=\"rsContent\"><a class=\"rsImg\" data-rsw=\"1920\" data-rsh=\"1280\" data-rsBigImg=\"https:\/\/hotelvittorio.it\/wp-content\/uploads\/2019\/10\/IMG_2421.jpg\" href=\"https:\/\/hotelvittorio.it\/wp-content\/uploads\/2019\/10\/IMG_2421.jpg\"><span data-alt=\"Camere Hotel Vittorio Desenzano del Garda\"><\/span><\/a><\/div><div class=\"rsContent\"><a class=\"rsImg\" data-rsw=\"1920\" data-rsh=\"1280\" data-rsBigImg=\"https:\/\/hotelvittorio.it\/wp-content\/uploads\/2019\/10\/IMG_2394.jpg\" href=\"https:\/\/hotelvittorio.it\/wp-content\/uploads\/2019\/10\/IMG_2394.jpg\"><span data-alt=\"Camere Hotel Vittorio Desenzano del Garda\"><\/span><\/a><\/div><div class=\"rsContent\"><a class=\"rsImg\" data-rsw=\"1920\" data-rsh=\"1280\" data-rsBigImg=\"https:\/\/hotelvittorio.it\/wp-content\/uploads\/2019\/10\/IMG_2386.jpg\" href=\"https:\/\/hotelvittorio.it\/wp-content\/uploads\/2019\/10\/IMG_2386.jpg\"><span data-alt=\"Camere Hotel Vittorio Desenzano del Garda\"><\/span><\/a><\/div><\/div><img decoding=\"async\" src=\"https:\/\/hotelvittorio.it\/wp-content\/uploads\/2019\/07\/IMG_6205.jpg\" width=\"2048\" height=\"1365\" alt=\"Terrazza Hotel Vittorio Desenzano del Garda\" loading=\"lazy\"><\/div><div class=\"w-slider-json\" onclick='return {&quot;autoScaleSlider&quot;:true,&quot;addActiveClass&quot;:true,&quot;loop&quot;:true,&quot;fadeInLoadedSlide&quot;:false,&quot;slidesSpacing&quot;:0,&quot;imageScalePadding&quot;:0,&quot;numImagesToPreload&quot;:2,&quot;arrowsNav&quot;:true,&quot;arrowsNavAutoHide&quot;:false,&quot;transitionType&quot;:&quot;move&quot;,&quot;transitionSpeed&quot;:250,&quot;block&quot;:{&quot;moveEffect&quot;:&quot;none&quot;,&quot;speed&quot;:300},&quot;thumbs&quot;:{&quot;fitInViewport&quot;:false,&quot;firstMargin&quot;:false,&quot;spacing&quot;:4},&quot;controlNavigation&quot;:&quot;none&quot;,&quot;fullscreen&quot;:{&quot;enabled&quot;:true},&quot;autoScaleSliderWidth&quot;:2048,&quot;autoScaleSliderHeight&quot;:1365}'><\/div><\/div><\/div><\/div><\/div><div class=\"vc_col-sm-4 wpb_column vc_column_container no-padding camera-dx\"><div class=\"vc_column-inner\"><div class=\"wpb_wrapper\"><div class=\"ult-content-box-container \" >\t\t<div class=\"ult-content-box\" style=\"background-color:#81519b;box-shadow: px px px px none;padding:5%;-webkit-transition: all 700ms ease;-moz-transition: all 700ms ease;-ms-transition: all 700ms ease;-o-transition: all 700ms ease;transition: all 700ms ease;\"  data-hover_bg_color=\"#81519b\"  data-hover_box_shadow=\"none\"     data-bg=\"#81519b\" >\t\t<\/div><\/div><div class=\"wpb_text_column\"><div class=\"wpb_wrapper\"><h2>Seeseite mit Terrasse<\/h2>\n<p>Hier finden bis zu 2 Personen Platz.<br \/>\nBetten: Doppel- oder zwei Einzelbetten<\/p>\n<\/div><\/div><div class=\"wpb_text_column\"><div class=\"wpb_wrapper\"><p>Die Zimmer befinden sich in der 1. oder 4. Etage und verf\u00fcgen \u00fcber eine Terrasse mit Seeblick, die mit einem Tisch, St\u00fchlen und einer Liege ausgestattet ist.<\/p>\n<p><strong>Ausstattung:<\/strong> kostenloses WLAN, Klimaanlage, Heizung, Safe, Parkettboden, F\u00f6n, Dusche, LCD-Sat-TV, K\u00fchlschrank. <\/p>\n<\/div><\/div><div class=\"w-btn-wrapper align_none\"><a class=\"w-btn us-btn-style_4 bot-richiesta\" title=\"Richiesta\" href=\"https:\/\/hotelvittorio.it\/de\/anfrage\/\"><span class=\"w-btn-label\">ANFRAGE<\/span><\/a><\/div><div class=\"w-btn-wrapper align_none\"><a class=\"w-btn us-btn-style_3 bot-prenota\" title=\"Prenota\" target=\" _blank\" rel=\"nofollow\" href=\"https:\/\/booking.ericsoft.com\/BookingEngine\/Book?idh=46891982DF5CFFDF&amp;lang=de&amp;cur=EUR\"><span class=\"w-btn-label\">BUCHEN<\/span><\/a><\/div><\/div><\/div><\/div><\/div><\/div><\/div><\/div><\/div><\/div><\/section><section class=\"l-section wpb_row height_small\"><div class=\"l-section-h i-cf\"><div class=\"g-cols vc_row via_flex valign_top type_default stacking_default\"><div class=\"vc_col-sm-12 wpb_column vc_column_container\"><div class=\"vc_column-inner\"><div class=\"wpb_wrapper\"><div class=\"g-cols wpb_row blocco-centrale-sfondo-grigio via_flex valign_top type_default stacking_default\"><div class=\"vc_col-sm-8 wpb_column vc_column_container no-padding\"><div class=\"vc_column-inner\"><div class=\"wpb_wrapper\"><div class=\"w-slider style_none fit_cover nav_none count_5\"><div class=\"w-slider-h\"><div class=\"royalSlider\"><div class=\"rsContent\"><a class=\"rsImg\" data-rsw=\"2048\" data-rsh=\"1365\" data-rsBigImg=\"https:\/\/hotelvittorio.it\/wp-content\/uploads\/2019\/07\/IMG_6198_199_200_201_202pmx-1.jpg\" href=\"https:\/\/hotelvittorio.it\/wp-content\/uploads\/2019\/07\/IMG_6198_199_200_201_202pmx-1.jpg\"><span data-alt=\"Camere Hotel Vittorio Desenzano del Garda\"><\/span><\/a><\/div><div class=\"rsContent\"><a class=\"rsImg\" data-rsw=\"1920\" data-rsh=\"1292\" data-rsBigImg=\"https:\/\/hotelvittorio.it\/wp-content\/uploads\/2019\/07\/doppia-balcone5.jpg\" href=\"https:\/\/hotelvittorio.it\/wp-content\/uploads\/2019\/07\/doppia-balcone5.jpg\"><span data-alt=\"Camere Hotel Vittorio Desenzano del Garda\"><\/span><\/a><\/div><div class=\"rsContent\"><a class=\"rsImg\" data-rsw=\"1920\" data-rsh=\"1280\" data-rsBigImg=\"https:\/\/hotelvittorio.it\/wp-content\/uploads\/2019\/07\/doppia-balcone3.jpg\" href=\"https:\/\/hotelvittorio.it\/wp-content\/uploads\/2019\/07\/doppia-balcone3.jpg\"><span data-alt=\"Camere Hotel Vittorio Desenzano del Garda\"><\/span><\/a><\/div><div class=\"rsContent\"><a class=\"rsImg\" data-rsw=\"1920\" data-rsh=\"1280\" data-rsBigImg=\"https:\/\/hotelvittorio.it\/wp-content\/uploads\/2019\/09\/fronte-lago-con-balcone-2.jpg\" href=\"https:\/\/hotelvittorio.it\/wp-content\/uploads\/2019\/09\/fronte-lago-con-balcone-2.jpg\"><span data-alt=\"Camere Hotel Vittorio Desenzano del Garda\"><\/span><\/a><\/div><div class=\"rsContent\"><a class=\"rsImg\" data-rsw=\"1920\" data-rsh=\"1280\" data-rsBigImg=\"https:\/\/hotelvittorio.it\/wp-content\/uploads\/2019\/09\/fronte-lago-con-balcone.jpg\" href=\"https:\/\/hotelvittorio.it\/wp-content\/uploads\/2019\/09\/fronte-lago-con-balcone.jpg\"><span data-alt=\"Vista lago Hotel Vittorio Desenzano del Garda\"><\/span><\/a><\/div><\/div><img decoding=\"async\" src=\"https:\/\/hotelvittorio.it\/wp-content\/uploads\/2019\/07\/IMG_6198_199_200_201_202pmx-1.jpg\" width=\"2048\" height=\"1365\" alt=\"Camere Hotel Vittorio Desenzano del Garda\" loading=\"lazy\"><\/div><div class=\"w-slider-json\" onclick='return {&quot;autoScaleSlider&quot;:true,&quot;addActiveClass&quot;:true,&quot;loop&quot;:true,&quot;fadeInLoadedSlide&quot;:false,&quot;slidesSpacing&quot;:0,&quot;imageScalePadding&quot;:0,&quot;numImagesToPreload&quot;:2,&quot;arrowsNav&quot;:true,&quot;arrowsNavAutoHide&quot;:false,&quot;transitionType&quot;:&quot;move&quot;,&quot;transitionSpeed&quot;:250,&quot;block&quot;:{&quot;moveEffect&quot;:&quot;none&quot;,&quot;speed&quot;:300},&quot;thumbs&quot;:{&quot;fitInViewport&quot;:false,&quot;firstMargin&quot;:false,&quot;spacing&quot;:4},&quot;controlNavigation&quot;:&quot;none&quot;,&quot;fullscreen&quot;:{&quot;enabled&quot;:true},&quot;autoScaleSliderWidth&quot;:2048,&quot;autoScaleSliderHeight&quot;:1365}'><\/div><\/div><\/div><\/div><\/div><div class=\"vc_col-sm-4 wpb_column vc_column_container no-padding camera-dx\"><div class=\"vc_column-inner\"><div class=\"wpb_wrapper\"><div class=\"ult-content-box-container \" >\t\t<div class=\"ult-content-box\" style=\"background-color:#81519b;box-shadow: px px px px none;padding:5%;-webkit-transition: all 700ms ease;-moz-transition: all 700ms ease;-ms-transition: all 700ms ease;-o-transition: all 700ms ease;transition: all 700ms ease;\"  data-hover_bg_color=\"#81519b\"  data-hover_box_shadow=\"none\"     data-bg=\"#81519b\" >\t\t<\/div><\/div><div class=\"wpb_text_column\"><div class=\"wpb_wrapper\"><h2>Seeseite mit Balkon<\/h2>\n<p>Hier finden bis zu 2 Personen Platz.<br \/>\nBetten: Doppel- oder zwei Einzelbetten<\/p>\n<\/div><\/div><div class=\"wpb_text_column\"><div class=\"wpb_wrapper\"><p>Helle Zimmer mit herrlichem Blick auf den See, die Anlegestelle und die Halbinsel Sirmione.<\/p>\n<p><strong>Ausstattung:<\/strong> kostenloses WLAN, Klimaanlage, Heizung, Safe, Parkettboden, F\u00f6n, Dusche, LCD-Sat-TV, K\u00fchlschrank. <\/p>\n<\/div><\/div><div class=\"w-btn-wrapper align_none\"><a class=\"w-btn us-btn-style_4 bot-richiesta\" title=\"Richiesta\" href=\"https:\/\/hotelvittorio.it\/de\/anfrage\/\"><span class=\"w-btn-label\">ANFRAGE<\/span><\/a><\/div><div class=\"w-btn-wrapper align_none\"><a class=\"w-btn us-btn-style_3 bot-prenota\" title=\"Prenota\" target=\" _blank\" rel=\"nofollow\" href=\"https:\/\/booking.ericsoft.com\/BookingEngine\/Book?idh=46891982DF5CFFDF&amp;lang=de&amp;cur=EUR\"><span class=\"w-btn-label\">BUCHEN<\/span><\/a><\/div><\/div><\/div><\/div><\/div><\/div><\/div><\/div><\/div><\/div><\/section><section class=\"l-section wpb_row height_small\"><div class=\"l-section-h i-cf\"><div class=\"g-cols vc_row via_flex valign_top type_default stacking_default\"><div class=\"vc_col-sm-12 wpb_column vc_column_container\"><div class=\"vc_column-inner\"><div class=\"wpb_wrapper\"><div class=\"g-cols wpb_row blocco-centrale-sfondo-grigio via_flex valign_top type_default stacking_default\"><div class=\"vc_col-sm-8 wpb_column vc_column_container no-padding\"><div class=\"vc_column-inner\"><div class=\"wpb_wrapper\"><div class=\"w-slider style_none fit_cover nav_none count_2\"><div class=\"w-slider-h\"><div class=\"royalSlider\"><div class=\"rsContent\"><a class=\"rsImg\" data-rsw=\"1920\" data-rsh=\"1342\" data-rsBigImg=\"https:\/\/hotelvittorio.it\/wp-content\/uploads\/2023\/02\/camere_superior_02.jpg\" href=\"https:\/\/hotelvittorio.it\/wp-content\/uploads\/2023\/02\/camere_superior_02.jpg\"><span data-alt=\"\"><\/span><\/a><\/div><div class=\"rsContent\"><a class=\"rsImg\" data-rsw=\"1920\" data-rsh=\"1646\" data-rsBigImg=\"https:\/\/hotelvittorio.it\/wp-content\/uploads\/2023\/02\/camere_superior_01.jpg\" href=\"https:\/\/hotelvittorio.it\/wp-content\/uploads\/2023\/02\/camere_superior_01.jpg\"><span data-alt=\"\"><\/span><\/a><\/div><\/div><img decoding=\"async\" src=\"https:\/\/hotelvittorio.it\/wp-content\/uploads\/2023\/02\/camere_superior_02.jpg\" width=\"1920\" height=\"1342\" alt loading=\"lazy\"><\/div><div class=\"w-slider-json\" onclick='return {&quot;autoScaleSlider&quot;:true,&quot;addActiveClass&quot;:true,&quot;loop&quot;:true,&quot;fadeInLoadedSlide&quot;:false,&quot;slidesSpacing&quot;:0,&quot;imageScalePadding&quot;:0,&quot;numImagesToPreload&quot;:2,&quot;arrowsNav&quot;:true,&quot;arrowsNavAutoHide&quot;:false,&quot;transitionType&quot;:&quot;move&quot;,&quot;transitionSpeed&quot;:250,&quot;block&quot;:{&quot;moveEffect&quot;:&quot;none&quot;,&quot;speed&quot;:300},&quot;thumbs&quot;:{&quot;fitInViewport&quot;:false,&quot;firstMargin&quot;:false,&quot;spacing&quot;:4},&quot;controlNavigation&quot;:&quot;none&quot;,&quot;fullscreen&quot;:{&quot;enabled&quot;:true},&quot;autoScaleSliderWidth&quot;:1920,&quot;autoScaleSliderHeight&quot;:1342}'><\/div><\/div><\/div><\/div><\/div><div class=\"vc_col-sm-4 wpb_column vc_column_container no-padding camera-dx\"><div class=\"vc_column-inner\"><div class=\"wpb_wrapper\"><div class=\"ult-content-box-container \" >\t\t<div class=\"ult-content-box\" style=\"background-color:#81519b;box-shadow: px px px px none;padding:5%;-webkit-transition: all 700ms ease;-moz-transition: all 700ms ease;-ms-transition: all 700ms ease;-o-transition: all 700ms ease;transition: all 700ms ease;\"  data-hover_bg_color=\"#81519b\"  data-hover_box_shadow=\"none\"     data-bg=\"#81519b\" >\t\t<\/div><\/div><div class=\"wpb_text_column\"><div class=\"wpb_wrapper\"><h2>PREMIUM ZIMMER<\/h2>\n<p>Hier finden bis zu 2 Personen Platz.<br \/>Betten: Doppel- oder zwei Einzelbetten<\/p>\n<\/div><\/div><div class=\"wpb_text_column\"><div class=\"wpb_wrapper\"><p>Elegantes Premium Zimmer, mit stilvoller Einrichtung, Badzimmer mit walk-in Dusche, kleinem Balkon mit Blick auf den Platz \u201ePiazza Cappelletti\u201c, auf die Promenade und teilweisem Seeblick.<\/p>\n<p><strong>Ausstattung:<\/strong> kostenlosen WLAN, Klimaanlage, Heizung, Safe, Haartrockner, \u201eWalk-in\u201c Dusche, LCD-Sat-TV, K\u00fchlschrank.<\/p>\n<\/div><\/div><div class=\"w-btn-wrapper align_none\"><a class=\"w-btn us-btn-style_4 bot-richiesta\" title=\"Richiesta\" href=\"https:\/\/hotelvittorio.it\/de\/anfrage\/\"><span class=\"w-btn-label\">ANFRAGE<\/span><\/a><\/div><div class=\"w-btn-wrapper align_none\"><a class=\"w-btn us-btn-style_3 bot-prenota\" title=\"Prenota\" target=\" _blank\" rel=\"nofollow\" href=\"https:\/\/booking.ericsoft.com\/BookingEngine\/Book?idh=46891982DF5CFFDF&amp;lang=de&amp;cur=EUR\"><span class=\"w-btn-label\">BUCHEN<\/span><\/a><\/div><\/div><\/div><\/div><\/div><\/div><\/div><\/div><\/div><\/div><\/section><section class=\"l-section wpb_row height_small\"><div class=\"l-section-h i-cf\"><div class=\"g-cols vc_row via_flex valign_top type_default stacking_default\"><div class=\"vc_col-sm-12 wpb_column vc_column_container\"><div class=\"vc_column-inner\"><div class=\"wpb_wrapper\"><div class=\"g-cols wpb_row blocco-centrale-sfondo-grigio via_flex valign_top type_default stacking_default\"><div class=\"vc_col-sm-8 wpb_column vc_column_container no-padding\"><div class=\"vc_column-inner\"><div class=\"wpb_wrapper\"><div class=\"w-slider style_none fit_cover nav_none count_5\"><div class=\"w-slider-h\"><div class=\"royalSlider\"><div class=\"rsContent\"><a class=\"rsImg\" data-rsw=\"1920\" data-rsh=\"1280\" data-rsBigImg=\"https:\/\/hotelvittorio.it\/wp-content\/uploads\/2019\/10\/IMG_2680.jpg\" href=\"https:\/\/hotelvittorio.it\/wp-content\/uploads\/2019\/10\/IMG_2680.jpg\"><span data-alt=\"Camere Hotel Vittorio Desenzano del Garda\"><\/span><\/a><\/div><div class=\"rsContent\"><a class=\"rsImg\" data-rsw=\"1920\" data-rsh=\"1279\" data-rsBigImg=\"https:\/\/hotelvittorio.it\/wp-content\/uploads\/2019\/10\/IMG_2645.jpg\" href=\"https:\/\/hotelvittorio.it\/wp-content\/uploads\/2019\/10\/IMG_2645.jpg\"><span data-alt=\"Camere Hotel Vittorio Desenzano del Garda\"><\/span><\/a><\/div><div class=\"rsContent\"><a class=\"rsImg\" data-rsw=\"1920\" data-rsh=\"1279\" data-rsBigImg=\"https:\/\/hotelvittorio.it\/wp-content\/uploads\/2019\/10\/IMG_2659.jpg\" href=\"https:\/\/hotelvittorio.it\/wp-content\/uploads\/2019\/10\/IMG_2659.jpg\"><span data-alt=\"Camere Hotel Vittorio Desenzano del Garda\"><\/span><\/a><\/div><div class=\"rsContent\"><a class=\"rsImg\" data-rsw=\"2048\" data-rsh=\"1366\" data-rsBigImg=\"https:\/\/hotelvittorio.it\/wp-content\/uploads\/2019\/07\/IMG_6215_6_7_8_9pmx.jpg\" href=\"https:\/\/hotelvittorio.it\/wp-content\/uploads\/2019\/07\/IMG_6215_6_7_8_9pmx.jpg\"><span data-alt=\"Camere Hotel Vittorio Desenzano del Garda\"><\/span><\/a><\/div><div class=\"rsContent\"><a class=\"rsImg\" data-rsw=\"2048\" data-rsh=\"1367\" data-rsBigImg=\"https:\/\/hotelvittorio.it\/wp-content\/uploads\/2019\/07\/IMG_6282_3_4pmx.jpg\" href=\"https:\/\/hotelvittorio.it\/wp-content\/uploads\/2019\/07\/IMG_6282_3_4pmx.jpg\"><span data-alt=\"Porto vecchio Desenzano del Garda\"><\/span><\/a><\/div><\/div><img decoding=\"async\" src=\"https:\/\/hotelvittorio.it\/wp-content\/uploads\/2019\/10\/IMG_2680.jpg\" width=\"1920\" height=\"1280\" alt=\"Camere Hotel Vittorio Desenzano del Garda\" loading=\"lazy\"><\/div><div class=\"w-slider-json\" onclick='return {&quot;autoScaleSlider&quot;:true,&quot;addActiveClass&quot;:true,&quot;loop&quot;:true,&quot;fadeInLoadedSlide&quot;:false,&quot;slidesSpacing&quot;:0,&quot;imageScalePadding&quot;:0,&quot;numImagesToPreload&quot;:2,&quot;arrowsNav&quot;:true,&quot;arrowsNavAutoHide&quot;:false,&quot;transitionType&quot;:&quot;move&quot;,&quot;transitionSpeed&quot;:250,&quot;block&quot;:{&quot;moveEffect&quot;:&quot;none&quot;,&quot;speed&quot;:300},&quot;thumbs&quot;:{&quot;fitInViewport&quot;:false,&quot;firstMargin&quot;:false,&quot;spacing&quot;:4},&quot;controlNavigation&quot;:&quot;none&quot;,&quot;fullscreen&quot;:{&quot;enabled&quot;:true},&quot;autoScaleSliderWidth&quot;:1920,&quot;autoScaleSliderHeight&quot;:1280}'><\/div><\/div><\/div><\/div><\/div><div class=\"vc_col-sm-4 wpb_column vc_column_container no-padding camera-dx\"><div class=\"vc_column-inner\"><div class=\"wpb_wrapper\"><div class=\"ult-content-box-container \" >\t\t<div class=\"ult-content-box\" style=\"background-color:#81519b;box-shadow: px px px px none;padding:5%;-webkit-transition: all 700ms ease;-moz-transition: all 700ms ease;-ms-transition: all 700ms ease;-o-transition: all 700ms ease;transition: all 700ms ease;\"  data-hover_bg_color=\"#81519b\"  data-hover_box_shadow=\"none\"     data-bg=\"#81519b\" >\t\t<\/div><\/div><div class=\"wpb_text_column\"><div class=\"wpb_wrapper\"><h2>Dreibett mit teilweisem Seeblick<\/h2>\n<p>Hier finden bis zu 3 Personen Platz.<br \/>\nBetten: Doppelbett + 1 Schlafsofa<\/p>\n<\/div><\/div><div class=\"wpb_text_column\"><div class=\"wpb_wrapper\"><p>Zimmer ohne Balkon mit teilweisem Seeblick, moderne Zimmer mit Blick auf den alten Hafen oder die Piazza der Altstadt mit ihren alten Geb\u00e4uden.<\/p>\n<p><strong>Ausstattung:<\/strong> kostenloses WLAN, Klimaanlage, Heizung, Safe, Parkettboden, F\u00f6n, Dusche, LCD-Sat-TV, K\u00fchlschrank. <\/p>\n<\/div><\/div><div class=\"w-btn-wrapper align_none\"><a class=\"w-btn us-btn-style_4 bot-richiesta\" title=\"Richiesta\" href=\"https:\/\/hotelvittorio.it\/de\/anfrage\/\"><span class=\"w-btn-label\">ANFRAGE<\/span><\/a><\/div><div class=\"w-btn-wrapper align_none\"><a class=\"w-btn us-btn-style_3 bot-prenota\" title=\"Prenota\" target=\" _blank\" rel=\"nofollow\" href=\"https:\/\/booking.ericsoft.com\/BookingEngine\/Book?idh=46891982DF5CFFDF&amp;lang=de&amp;cur=EUR\"><span class=\"w-btn-label\">BUCHEN<\/span><\/a><\/div><\/div><\/div><\/div><\/div><\/div><\/div><\/div><\/div><\/div><\/section><section class=\"l-section wpb_row height_small\"><div class=\"l-section-h i-cf\"><div class=\"g-cols vc_row via_flex valign_top type_default stacking_default\"><div class=\"vc_col-sm-12 wpb_column vc_column_container\"><div class=\"vc_column-inner\"><div class=\"wpb_wrapper\"><div class=\"g-cols wpb_row blocco-centrale-sfondo-grigio via_flex valign_top type_default stacking_default\"><div class=\"vc_col-sm-8 wpb_column vc_column_container no-padding\"><div class=\"vc_column-inner\"><div class=\"wpb_wrapper\"><div class=\"w-slider style_none fit_cover nav_none count_5\"><div class=\"w-slider-h\"><div class=\"royalSlider\"><div class=\"rsContent\"><a class=\"rsImg\" data-rsw=\"1920\" data-rsh=\"1280\" data-rsBigImg=\"https:\/\/hotelvittorio.it\/wp-content\/uploads\/2019\/10\/IMG_2631.jpg\" href=\"https:\/\/hotelvittorio.it\/wp-content\/uploads\/2019\/10\/IMG_2631.jpg\"><span data-alt=\"Camere Hotel Vittorio Desenzano del Garda\"><\/span><\/a><\/div><div class=\"rsContent\"><a class=\"rsImg\" data-rsw=\"1920\" data-rsh=\"1280\" data-rsBigImg=\"https:\/\/hotelvittorio.it\/wp-content\/uploads\/2019\/10\/IMG_2611.jpg\" href=\"https:\/\/hotelvittorio.it\/wp-content\/uploads\/2019\/10\/IMG_2611.jpg\"><span data-alt=\"Camere Hotel Vittorio Desenzano del Garda\"><\/span><\/a><\/div><div class=\"rsContent\"><a class=\"rsImg\" data-rsw=\"1920\" data-rsh=\"1280\" data-rsBigImg=\"https:\/\/hotelvittorio.it\/wp-content\/uploads\/2019\/10\/IMG_2604.jpg\" href=\"https:\/\/hotelvittorio.it\/wp-content\/uploads\/2019\/10\/IMG_2604.jpg\"><span data-alt=\"Camere Hotel Vittorio Desenzano del Garda\"><\/span><\/a><\/div><div class=\"rsContent\"><a class=\"rsImg\" data-rsw=\"1920\" data-rsh=\"1280\" data-rsBigImg=\"https:\/\/hotelvittorio.it\/wp-content\/uploads\/2019\/10\/IMG_2597.jpg\" href=\"https:\/\/hotelvittorio.it\/wp-content\/uploads\/2019\/10\/IMG_2597.jpg\"><span data-alt=\"Camere Hotel Vittorio Desenzano del Garda\"><\/span><\/a><\/div><div class=\"rsContent\"><a class=\"rsImg\" data-rsw=\"1920\" data-rsh=\"1280\" data-rsBigImg=\"https:\/\/hotelvittorio.it\/wp-content\/uploads\/2019\/09\/fronte-lago-con-balcone.jpg\" href=\"https:\/\/hotelvittorio.it\/wp-content\/uploads\/2019\/09\/fronte-lago-con-balcone.jpg\"><span data-alt=\"Vista lago Hotel Vittorio Desenzano del Garda\"><\/span><\/a><\/div><\/div><img decoding=\"async\" src=\"https:\/\/hotelvittorio.it\/wp-content\/uploads\/2019\/10\/IMG_2631.jpg\" width=\"1920\" height=\"1280\" alt=\"Camere Hotel Vittorio Desenzano del Garda\" loading=\"lazy\"><\/div><div class=\"w-slider-json\" onclick='return {&quot;autoScaleSlider&quot;:true,&quot;addActiveClass&quot;:true,&quot;loop&quot;:true,&quot;fadeInLoadedSlide&quot;:false,&quot;slidesSpacing&quot;:0,&quot;imageScalePadding&quot;:0,&quot;numImagesToPreload&quot;:2,&quot;arrowsNav&quot;:true,&quot;arrowsNavAutoHide&quot;:false,&quot;transitionType&quot;:&quot;move&quot;,&quot;transitionSpeed&quot;:250,&quot;block&quot;:{&quot;moveEffect&quot;:&quot;none&quot;,&quot;speed&quot;:300},&quot;thumbs&quot;:{&quot;fitInViewport&quot;:false,&quot;firstMargin&quot;:false,&quot;spacing&quot;:4},&quot;controlNavigation&quot;:&quot;none&quot;,&quot;fullscreen&quot;:{&quot;enabled&quot;:true},&quot;autoScaleSliderWidth&quot;:1920,&quot;autoScaleSliderHeight&quot;:1280}'><\/div><\/div><\/div><\/div><\/div><div class=\"vc_col-sm-4 wpb_column vc_column_container no-padding camera-dx\"><div class=\"vc_column-inner\"><div class=\"wpb_wrapper\"><div class=\"ult-content-box-container \" >\t\t<div class=\"ult-content-box\" style=\"background-color:#81519b;box-shadow: px px px px none;padding:5%;-webkit-transition: all 700ms ease;-moz-transition: all 700ms ease;-ms-transition: all 700ms ease;-o-transition: all 700ms ease;transition: all 700ms ease;\"  data-hover_bg_color=\"#81519b\"  data-hover_box_shadow=\"none\"     data-bg=\"#81519b\" >\t\t<\/div><\/div><div class=\"wpb_text_column\"><div class=\"wpb_wrapper\"><h2>Dreibett Seeseite mit Balkon<\/h2>\n<p>Hier finden bis zu 3 Personen Platz.<br \/>\nBetten: Doppelbett + 1 Schlafsofa<\/p>\n<\/div><\/div><div class=\"wpb_text_column\"><div class=\"wpb_wrapper\"><p>Helle Zimmer mit herrlichem Blick auf den See, die Anlegestelle und die Halbinsel Sirmione.<\/p>\n<p><strong>Ausstattung:<\/strong> kostenloses WLAN, Klimaanlage, Heizung, Safe, Parkettboden, F\u00f6n, Dusche, LCD-Sat-TV, K\u00fchlschrank. <\/p>\n<\/div><\/div><div class=\"w-btn-wrapper align_none\"><a class=\"w-btn us-btn-style_4 bot-richiesta\" title=\"Richiesta\" href=\"https:\/\/hotelvittorio.it\/de\/anfrage\/\"><span class=\"w-btn-label\">ANFRAGE<\/span><\/a><\/div><div class=\"w-btn-wrapper align_none\"><a class=\"w-btn us-btn-style_3 bot-prenota\" title=\"Prenota\" target=\" _blank\" rel=\"nofollow\" href=\"https:\/\/booking.ericsoft.com\/BookingEngine\/Book?idh=46891982DF5CFFDF&amp;lang=de&amp;cur=EUR\"><span class=\"w-btn-label\">BUCHEN<\/span><\/a><\/div><\/div><\/div><\/div><\/div><\/div><\/div><\/div><\/div><\/div><\/section><section class=\"l-section wpb_row height_small\"><div class=\"l-section-h i-cf\"><div class=\"g-cols vc_row via_flex valign_top type_default stacking_default\"><div class=\"vc_col-sm-12 wpb_column vc_column_container\"><div class=\"vc_column-inner\"><div class=\"wpb_wrapper\"><div class=\"g-cols wpb_row blocco-centrale-sfondo-grigio via_flex valign_top type_default stacking_default\"><div class=\"vc_col-sm-8 wpb_column vc_column_container no-padding\"><div class=\"vc_column-inner\"><div class=\"wpb_wrapper\"><div class=\"w-slider style_none fit_cover nav_none count_12\"><div class=\"w-slider-h\"><div class=\"royalSlider\"><div class=\"rsContent\"><a class=\"rsImg\" data-rsw=\"1920\" data-rsh=\"1280\" data-rsBigImg=\"https:\/\/hotelvittorio.it\/wp-content\/uploads\/2019\/10\/IMG_2687.jpg\" href=\"https:\/\/hotelvittorio.it\/wp-content\/uploads\/2019\/10\/IMG_2687.jpg\"><span data-alt=\"Suite Hotel Vittorio Desenzano del Garda\"><\/span><\/a><\/div><div class=\"rsContent\"><a class=\"rsImg\" data-rsw=\"1920\" data-rsh=\"1280\" data-rsBigImg=\"https:\/\/hotelvittorio.it\/wp-content\/uploads\/2019\/10\/IMG_2694.jpg\" href=\"https:\/\/hotelvittorio.it\/wp-content\/uploads\/2019\/10\/IMG_2694.jpg\"><span data-alt=\"Suite Hotel Vittorio Desenzano del Garda\"><\/span><\/a><\/div><div class=\"rsContent\"><a class=\"rsImg\" data-rsw=\"1920\" data-rsh=\"1280\" data-rsBigImg=\"https:\/\/hotelvittorio.it\/wp-content\/uploads\/2019\/10\/IMG_2701.jpg\" href=\"https:\/\/hotelvittorio.it\/wp-content\/uploads\/2019\/10\/IMG_2701.jpg\"><span data-alt=\"Suite Hotel Vittorio Desenzano del Garda\"><\/span><\/a><\/div><div class=\"rsContent\"><a class=\"rsImg\" data-rsw=\"1920\" data-rsh=\"1281\" data-rsBigImg=\"https:\/\/hotelvittorio.it\/wp-content\/uploads\/2019\/10\/IMG_2722.jpg\" href=\"https:\/\/hotelvittorio.it\/wp-content\/uploads\/2019\/10\/IMG_2722.jpg\"><span data-alt=\"Suite Hotel Vittorio Desenzano del Garda\"><\/span><\/a><\/div><div class=\"rsContent\"><a class=\"rsImg\" data-rsw=\"1920\" data-rsh=\"1280\" data-rsBigImg=\"https:\/\/hotelvittorio.it\/wp-content\/uploads\/2019\/10\/IMG_2715.jpg\" href=\"https:\/\/hotelvittorio.it\/wp-content\/uploads\/2019\/10\/IMG_2715.jpg\"><span data-alt=\"Suite Hotel Vittorio Desenzano del Garda\"><\/span><\/a><\/div><div class=\"rsContent\"><a class=\"rsImg\" data-rsw=\"1920\" data-rsh=\"1280\" data-rsBigImg=\"https:\/\/hotelvittorio.it\/wp-content\/uploads\/2019\/10\/IMG_2708.jpg\" href=\"https:\/\/hotelvittorio.it\/wp-content\/uploads\/2019\/10\/IMG_2708.jpg\"><span data-alt=\"Suite Hotel Vittorio Desenzano del Garda\"><\/span><\/a><\/div><div class=\"rsContent\"><a class=\"rsImg\" data-rsw=\"1920\" data-rsh=\"1281\" data-rsBigImg=\"https:\/\/hotelvittorio.it\/wp-content\/uploads\/2019\/10\/IMG_2729.jpg\" href=\"https:\/\/hotelvittorio.it\/wp-content\/uploads\/2019\/10\/IMG_2729.jpg\"><span data-alt=\"Suite Hotel Vittorio Desenzano del Garda\"><\/span><\/a><\/div><div class=\"rsContent\"><a class=\"rsImg\" data-rsw=\"1920\" data-rsh=\"1280\" data-rsBigImg=\"https:\/\/hotelvittorio.it\/wp-content\/uploads\/2019\/10\/IMG_2736.jpg\" href=\"https:\/\/hotelvittorio.it\/wp-content\/uploads\/2019\/10\/IMG_2736.jpg\"><span data-alt=\"Suite Hotel Vittorio Desenzano del Garda\"><\/span><\/a><\/div><div class=\"rsContent\"><a class=\"rsImg\" data-rsw=\"1920\" data-rsh=\"1280\" data-rsBigImg=\"https:\/\/hotelvittorio.it\/wp-content\/uploads\/2019\/10\/IMG_2757.jpg\" href=\"https:\/\/hotelvittorio.it\/wp-content\/uploads\/2019\/10\/IMG_2757.jpg\"><span data-alt=\"Bagno Suite Hotel Vittorio Desenzano del Garda\"><\/span><\/a><\/div><div class=\"rsContent\"><a class=\"rsImg\" data-rsw=\"1920\" data-rsh=\"1280\" data-rsBigImg=\"https:\/\/hotelvittorio.it\/wp-content\/uploads\/2019\/10\/IMG_2743.jpg\" href=\"https:\/\/hotelvittorio.it\/wp-content\/uploads\/2019\/10\/IMG_2743.jpg\"><span data-alt=\"Bagno Suite Hotel Vittorio Desenzano del Garda\"><\/span><\/a><\/div><div class=\"rsContent\"><a class=\"rsImg\" data-rsw=\"1920\" data-rsh=\"1280\" data-rsBigImg=\"https:\/\/hotelvittorio.it\/wp-content\/uploads\/2019\/10\/IMG_2764.jpg\" href=\"https:\/\/hotelvittorio.it\/wp-content\/uploads\/2019\/10\/IMG_2764.jpg\"><span data-alt=\"Suite Hotel Vittorio Desenzano del Garda\"><\/span><\/a><\/div><div class=\"rsContent\"><a class=\"rsImg\" data-rsw=\"2048\" data-rsh=\"1365\" data-rsBigImg=\"https:\/\/hotelvittorio.it\/wp-content\/uploads\/2019\/07\/IMG_6210_1_2_3_4pmx.jpg\" href=\"https:\/\/hotelvittorio.it\/wp-content\/uploads\/2019\/07\/IMG_6210_1_2_3_4pmx.jpg\"><span data-alt=\"Terrazza Hotel Vittorio Desenzano del Garda\"><\/span><\/a><\/div><\/div><img decoding=\"async\" src=\"https:\/\/hotelvittorio.it\/wp-content\/uploads\/2019\/10\/IMG_2687.jpg\" width=\"1920\" height=\"1280\" alt=\"Suite Hotel Vittorio Desenzano del Garda\" loading=\"lazy\"><\/div><div class=\"w-slider-json\" onclick='return {&quot;autoScaleSlider&quot;:true,&quot;addActiveClass&quot;:true,&quot;loop&quot;:true,&quot;fadeInLoadedSlide&quot;:false,&quot;slidesSpacing&quot;:0,&quot;imageScalePadding&quot;:0,&quot;numImagesToPreload&quot;:2,&quot;arrowsNav&quot;:true,&quot;arrowsNavAutoHide&quot;:false,&quot;transitionType&quot;:&quot;move&quot;,&quot;transitionSpeed&quot;:250,&quot;block&quot;:{&quot;moveEffect&quot;:&quot;none&quot;,&quot;speed&quot;:300},&quot;thumbs&quot;:{&quot;fitInViewport&quot;:false,&quot;firstMargin&quot;:false,&quot;spacing&quot;:4},&quot;controlNavigation&quot;:&quot;none&quot;,&quot;fullscreen&quot;:{&quot;enabled&quot;:true},&quot;autoScaleSliderWidth&quot;:1920,&quot;autoScaleSliderHeight&quot;:1280}'><\/div><\/div><\/div><\/div><\/div><div class=\"vc_col-sm-4 wpb_column vc_column_container no-padding camera-dx\"><div class=\"vc_column-inner\"><div class=\"wpb_wrapper\"><div class=\"ult-content-box-container \" >\t\t<div class=\"ult-content-box\" style=\"background-color:#81519b;box-shadow: px px px px none;padding:5%;-webkit-transition: all 700ms ease;-moz-transition: all 700ms ease;-ms-transition: all 700ms ease;-o-transition: all 700ms ease;transition: all 700ms ease;\"  data-hover_bg_color=\"#81519b\"  data-hover_box_shadow=\"none\"     data-bg=\"#81519b\" >\t\t<\/div><\/div><div class=\"wpb_text_column\"><div class=\"wpb_wrapper\"><h2>Gold Suite mit Balkon und Seeblick<\/h2>\n<p>43 m\u00b2 &#8211; f\u00fcr bis zu 4 Personen<br \/>\nBetten: Doppelbett + 2 Einzelbetten<\/p>\n<\/div><\/div><div class=\"wpb_text_column\"><div class=\"wpb_wrapper\"><p>Elegantes und ger\u00e4umiges Zimmer im ersten Stock mit separatem Wohnzimmer, zwei Flachbildschirm-TVs, mit allem Komfort ausgestattet, Minibar, Wasserkocher und einer Auswahl an Tees und Kr\u00e4utertees, Hausschuhen und Bademantel, Klimaanlage, gro\u00dfem Badezimmer mit gro\u00dfer gemauerter Badewanne\/Dusche, Terrasse mit Blick auf den See.<\/p>\n<\/div><\/div><div class=\"w-btn-wrapper align_none\"><a class=\"w-btn us-btn-style_4 bot-richiesta\" title=\"Richiesta\" href=\"https:\/\/hotelvittorio.it\/de\/anfrage\/\"><span class=\"w-btn-label\">ANFRAGE<\/span><\/a><\/div><div class=\"w-btn-wrapper align_none\"><a class=\"w-btn us-btn-style_3 bot-prenota\" title=\"Prenota\" target=\" _blank\" rel=\"nofollow\" href=\"https:\/\/booking.ericsoft.com\/BookingEngine\/Book?idh=46891982DF5CFFDF&amp;lang=de&amp;cur=EUR\"><span class=\"w-btn-label\">BUCHEN<\/span><\/a><\/div><\/div><\/div><\/div><\/div><\/div><\/div><\/div><\/div><\/div><\/section><section class=\"l-section wpb_row height_small\"><div class=\"l-section-h i-cf\"><div class=\"g-cols vc_row via_flex valign_top type_default stacking_default\"><div class=\"vc_col-sm-12 wpb_column vc_column_container\"><div class=\"vc_column-inner\"><div class=\"wpb_wrapper\"><div class=\"g-cols wpb_row blocco-centrale-sfondo-grigio via_flex valign_top type_default stacking_default\"><div class=\"vc_col-sm-8 wpb_column vc_column_container no-padding\"><div class=\"vc_column-inner\"><div class=\"wpb_wrapper\"><div class=\"w-slider style_none fit_cover nav_none count_9\"><div class=\"w-slider-h\"><div class=\"royalSlider\"><div class=\"rsContent\"><a class=\"rsImg\" data-rsw=\"1920\" data-rsh=\"1231\" data-rsBigImg=\"https:\/\/hotelvittorio.it\/wp-content\/uploads\/2019\/07\/suite-platinum14.jpg\" href=\"https:\/\/hotelvittorio.it\/wp-content\/uploads\/2019\/07\/suite-platinum14.jpg\"><span data-alt=\"Suite Hotel Vittorio Desenzano del Garda\"><\/span><\/a><\/div><div class=\"rsContent\"><a class=\"rsImg\" data-rsw=\"1920\" data-rsh=\"1280\" data-rsBigImg=\"https:\/\/hotelvittorio.it\/wp-content\/uploads\/2019\/07\/suite-platinum-17.jpg\" href=\"https:\/\/hotelvittorio.it\/wp-content\/uploads\/2019\/07\/suite-platinum-17.jpg\"><span data-alt=\"Suite Hotel Vittorio Desenzano del Garda\"><\/span><\/a><\/div><div class=\"rsContent\"><a class=\"rsImg\" data-rsw=\"1920\" data-rsh=\"1324\" data-rsBigImg=\"https:\/\/hotelvittorio.it\/wp-content\/uploads\/2019\/07\/suite-platinum21.jpg\" href=\"https:\/\/hotelvittorio.it\/wp-content\/uploads\/2019\/07\/suite-platinum21.jpg\"><span data-alt=\"Suite Hotel Vittorio Desenzano del Garda\"><\/span><\/a><\/div><div class=\"rsContent\"><a class=\"rsImg\" data-rsw=\"1920\" data-rsh=\"1642\" data-rsBigImg=\"https:\/\/hotelvittorio.it\/wp-content\/uploads\/2019\/07\/suite-platinum11.jpg\" href=\"https:\/\/hotelvittorio.it\/wp-content\/uploads\/2019\/07\/suite-platinum11.jpg\"><span data-alt=\"Suite Hotel Vittorio Desenzano del Garda\"><\/span><\/a><\/div><div class=\"rsContent\"><a class=\"rsImg\" data-rsw=\"1920\" data-rsh=\"2881\" data-rsBigImg=\"https:\/\/hotelvittorio.it\/wp-content\/uploads\/2019\/07\/suite-platinum-8.jpg\" href=\"https:\/\/hotelvittorio.it\/wp-content\/uploads\/2019\/07\/suite-platinum-8.jpg\"><span data-alt=\"Suite Hotel Vittorio Desenzano del Garda\"><\/span><\/a><\/div><div class=\"rsContent\"><a class=\"rsImg\" data-rsw=\"1920\" data-rsh=\"1278\" data-rsBigImg=\"https:\/\/hotelvittorio.it\/wp-content\/uploads\/2019\/10\/IMG_2567.jpg\" href=\"https:\/\/hotelvittorio.it\/wp-content\/uploads\/2019\/10\/IMG_2567.jpg\"><span data-alt=\"Vista lago Hotel Vittorio Desenzano del Garda\"><\/span><\/a><\/div><div class=\"rsContent\"><a class=\"rsImg\" data-rsw=\"1920\" data-rsh=\"1280\" data-rsBigImg=\"https:\/\/hotelvittorio.it\/wp-content\/uploads\/2019\/07\/suite-platinum27.jpg\" href=\"https:\/\/hotelvittorio.it\/wp-content\/uploads\/2019\/07\/suite-platinum27.jpg\"><span data-alt=\"Suite Hotel Vittorio Desenzano del Garda\"><\/span><\/a><\/div><div class=\"rsContent\"><a class=\"rsImg\" data-rsw=\"1920\" data-rsh=\"1399\" data-rsBigImg=\"https:\/\/hotelvittorio.it\/wp-content\/uploads\/2019\/07\/suite-platinum6.jpg\" href=\"https:\/\/hotelvittorio.it\/wp-content\/uploads\/2019\/07\/suite-platinum6.jpg\"><span data-alt=\"Suite Hotel Vittorio Desenzano del Garda\"><\/span><\/a><\/div><div class=\"rsContent\"><a class=\"rsImg\" data-rsw=\"2048\" data-rsh=\"1365\" data-rsBigImg=\"https:\/\/hotelvittorio.it\/wp-content\/uploads\/2019\/07\/IMG_6210_1_2_3_4pmx.jpg\" href=\"https:\/\/hotelvittorio.it\/wp-content\/uploads\/2019\/07\/IMG_6210_1_2_3_4pmx.jpg\"><span data-alt=\"Terrazza Hotel Vittorio Desenzano del Garda\"><\/span><\/a><\/div><\/div><img decoding=\"async\" src=\"https:\/\/hotelvittorio.it\/wp-content\/uploads\/2019\/07\/suite-platinum14.jpg\" width=\"1920\" height=\"1231\" alt=\"Suite Hotel Vittorio Desenzano del Garda\" loading=\"lazy\"><\/div><div class=\"w-slider-json\" onclick='return {&quot;autoScaleSlider&quot;:true,&quot;addActiveClass&quot;:true,&quot;loop&quot;:true,&quot;fadeInLoadedSlide&quot;:false,&quot;slidesSpacing&quot;:0,&quot;imageScalePadding&quot;:0,&quot;numImagesToPreload&quot;:2,&quot;arrowsNav&quot;:true,&quot;arrowsNavAutoHide&quot;:false,&quot;transitionType&quot;:&quot;move&quot;,&quot;transitionSpeed&quot;:250,&quot;block&quot;:{&quot;moveEffect&quot;:&quot;none&quot;,&quot;speed&quot;:300},&quot;thumbs&quot;:{&quot;fitInViewport&quot;:false,&quot;firstMargin&quot;:false,&quot;spacing&quot;:4},&quot;controlNavigation&quot;:&quot;none&quot;,&quot;fullscreen&quot;:{&quot;enabled&quot;:true},&quot;autoScaleSliderWidth&quot;:1920,&quot;autoScaleSliderHeight&quot;:1231}'><\/div><\/div><\/div><\/div><\/div><div class=\"vc_col-sm-4 wpb_column vc_column_container no-padding camera-dx\"><div class=\"vc_column-inner\"><div class=\"wpb_wrapper\"><div class=\"ult-content-box-container \" >\t\t<div class=\"ult-content-box\" style=\"background-color:#81519b;box-shadow: px px px px none;padding:5%;-webkit-transition: all 700ms ease;-moz-transition: all 700ms ease;-ms-transition: all 700ms ease;-o-transition: all 700ms ease;transition: all 700ms ease;\"  data-hover_bg_color=\"#81519b\"  data-hover_box_shadow=\"none\"     data-bg=\"#81519b\" >\t\t<\/div><\/div><div class=\"wpb_text_column\"><div class=\"wpb_wrapper\"><h2>Platinum Suite mit gro\u00dfer Terrasse und Seeblick<\/h2>\n<p>37 m\u00b2 &#8211; f\u00fcr bis zu 4 Personen<br \/>\nBetten: Doppelbett + 2 Einzelbetten<\/p>\n<\/div><\/div><div class=\"wpb_text_column\"><div class=\"wpb_wrapper\"><p>Zimmer im ersten Stock, elegant und ger\u00e4umig, mit separatem Wohnzimmer, zwei Flachbildschirm-TVs, mit allem Komfort, Minibar, Wasserkocher und einer Auswahl an Tees und Kr\u00e4utertees, Hausschuhen und Bademantel, Klimaanlage, gro\u00dfem Bad mit Dusche, doppelte Terrasse mit M\u00f6beln und Blick auf den See.<\/p>\n<\/div><\/div><div class=\"w-btn-wrapper align_none\"><a class=\"w-btn us-btn-style_4 bot-richiesta\" title=\"Richiesta\" href=\"https:\/\/hotelvittorio.it\/de\/anfrage\/\"><span class=\"w-btn-label\">ANFRAGE<\/span><\/a><\/div><div class=\"w-btn-wrapper align_none\"><a class=\"w-btn us-btn-style_3 bot-prenota\" title=\"Prenota\" target=\" _blank\" rel=\"nofollow\" href=\"https:\/\/booking.ericsoft.com\/BookingEngine\/Book?idh=46891982DF5CFFDF&amp;lang=de&amp;cur=EUR\"><span class=\"w-btn-label\">BUCHEN<\/span><\/a><\/div><\/div><\/div><\/div><\/div><\/div><\/div><\/div><\/div><\/div><\/section>\n","protected":false},"excerpt":{"rendered":"Sparen Sie 5\u20ac am Tag Woanders suchen ist Zeitverschwendung. Die besten Preise gibt es garantiert hier! Economy Hier finden bis zu 2 Personen Platz. Betten: Doppel- oder zwei Einzelbetten Zimmer im modernen Stil, k\u00fcrzlich renoviert, ausgezeichnetes Preis-Leistungs-Verh\u00e4ltnis. Zimmer ohne Seeblick und ohne Balkon mit Blick auf die blumengeschm\u00fcckte Terrasse. Ausstattung: kostenloses WLAN, Klimaanlage, Heizung, Safe,...","protected":false},"author":1,"featured_media":415,"parent":0,"menu_order":0,"comment_status":"closed","ping_status":"closed","template":"","meta":{"inline_featured_image":false,"footnotes":""},"class_list":["post-1650","page","type-page","status-publish","has-post-thumbnail","hentry"],"yoast_head":"<!-- This site is optimized with the Yoast SEO plugin v27.4 - https:\/\/yoast.com\/product\/yoast-seo-wordpress\/ -->\n<title>Zimmer - Hotel Vittorio<\/title>\n<meta name=\"robots\" content=\"index, follow, max-snippet:-1, max-image-preview:large, max-video-preview:-1\" \/>\n<link rel=\"canonical\" href=\"https:\/\/hotelvittorio.it\/de\/zimmer\/\" \/>\n<meta property=\"og:locale\" content=\"de_DE\" \/>\n<meta property=\"og:type\" content=\"article\" \/>\n<meta property=\"og:title\" content=\"Zimmer - Hotel Vittorio\" \/>\n<meta property=\"og:url\" content=\"https:\/\/hotelvittorio.it\/de\/zimmer\/\" \/>\n<meta property=\"og:site_name\" content=\"Hotel Vittorio\" \/>\n<meta property=\"article:modified_time\" content=\"2024-10-23T17:06:28+00:00\" \/>\n<meta property=\"og:image\" content=\"https:\/\/hotelvittorio.it\/wp-content\/uploads\/2019\/07\/IMG_6205.jpg\" \/>\n\t<meta property=\"og:image:width\" content=\"2048\" \/>\n\t<meta property=\"og:image:height\" content=\"1365\" \/>\n\t<meta property=\"og:image:type\" content=\"image\/jpeg\" \/>\n<meta name=\"twitter:card\" content=\"summary_large_image\" \/>\n<meta name=\"twitter:label1\" content=\"Gesch\u00e4tzte Lesezeit\" \/>\n\t<meta name=\"twitter:data1\" content=\"4\u00a0Minuten\" \/>\n<script type=\"application\/ld+json\" class=\"yoast-schema-graph\">{\"@context\":\"https:\\\/\\\/schema.org\",\"@graph\":[{\"@type\":\"WebPage\",\"@id\":\"https:\\\/\\\/hotelvittorio.it\\\/de\\\/zimmer\\\/\",\"url\":\"https:\\\/\\\/hotelvittorio.it\\\/de\\\/zimmer\\\/\",\"name\":\"Zimmer - Hotel Vittorio\",\"isPartOf\":{\"@id\":\"https:\\\/\\\/hotelvittorio.it\\\/#website\"},\"primaryImageOfPage\":{\"@id\":\"https:\\\/\\\/hotelvittorio.it\\\/de\\\/zimmer\\\/#primaryimage\"},\"image\":{\"@id\":\"https:\\\/\\\/hotelvittorio.it\\\/de\\\/zimmer\\\/#primaryimage\"},\"thumbnailUrl\":\"https:\\\/\\\/hotelvittorio.it\\\/wp-content\\\/uploads\\\/2019\\\/07\\\/IMG_6205.jpg\",\"datePublished\":\"2019-07-18T09:35:14+00:00\",\"dateModified\":\"2024-10-23T17:06:28+00:00\",\"breadcrumb\":{\"@id\":\"https:\\\/\\\/hotelvittorio.it\\\/de\\\/zimmer\\\/#breadcrumb\"},\"inLanguage\":\"de\",\"potentialAction\":[{\"@type\":\"ReadAction\",\"target\":[\"https:\\\/\\\/hotelvittorio.it\\\/de\\\/zimmer\\\/\"]}]},{\"@type\":\"ImageObject\",\"inLanguage\":\"de\",\"@id\":\"https:\\\/\\\/hotelvittorio.it\\\/de\\\/zimmer\\\/#primaryimage\",\"url\":\"https:\\\/\\\/hotelvittorio.it\\\/wp-content\\\/uploads\\\/2019\\\/07\\\/IMG_6205.jpg\",\"contentUrl\":\"https:\\\/\\\/hotelvittorio.it\\\/wp-content\\\/uploads\\\/2019\\\/07\\\/IMG_6205.jpg\",\"width\":2048,\"height\":1365,\"caption\":\"Terrazza Hotel Vittorio Desenzano del Garda\"},{\"@type\":\"BreadcrumbList\",\"@id\":\"https:\\\/\\\/hotelvittorio.it\\\/de\\\/zimmer\\\/#breadcrumb\",\"itemListElement\":[{\"@type\":\"ListItem\",\"position\":1,\"name\":\"Home\",\"item\":\"https:\\\/\\\/hotelvittorio.it\\\/de\\\/\"},{\"@type\":\"ListItem\",\"position\":2,\"name\":\"Zimmer\"}]},{\"@type\":\"WebSite\",\"@id\":\"https:\\\/\\\/hotelvittorio.it\\\/#website\",\"url\":\"https:\\\/\\\/hotelvittorio.it\\\/\",\"name\":\"Hotel Vittorio\",\"description\":\"Hotel Vittorio\",\"potentialAction\":[{\"@type\":\"SearchAction\",\"target\":{\"@type\":\"EntryPoint\",\"urlTemplate\":\"https:\\\/\\\/hotelvittorio.it\\\/?s={search_term_string}\"},\"query-input\":{\"@type\":\"PropertyValueSpecification\",\"valueRequired\":true,\"valueName\":\"search_term_string\"}}],\"inLanguage\":\"de\"}]}<\/script>\n<!-- \/ Yoast SEO plugin. -->","yoast_head_json":{"title":"Zimmer - Hotel Vittorio","robots":{"index":"index","follow":"follow","max-snippet":"max-snippet:-1","max-image-preview":"max-image-preview:large","max-video-preview":"max-video-preview:-1"},"canonical":"https:\/\/hotelvittorio.it\/de\/zimmer\/","og_locale":"de_DE","og_type":"article","og_title":"Zimmer - Hotel Vittorio","og_url":"https:\/\/hotelvittorio.it\/de\/zimmer\/","og_site_name":"Hotel Vittorio","article_modified_time":"2024-10-23T17:06:28+00:00","og_image":[{"width":2048,"height":1365,"url":"https:\/\/hotelvittorio.it\/wp-content\/uploads\/2019\/07\/IMG_6205.jpg","type":"image\/jpeg"}],"twitter_card":"summary_large_image","twitter_misc":{"Gesch\u00e4tzte Lesezeit":"4\u00a0Minuten"},"schema":{"@context":"https:\/\/schema.org","@graph":[{"@type":"WebPage","@id":"https:\/\/hotelvittorio.it\/de\/zimmer\/","url":"https:\/\/hotelvittorio.it\/de\/zimmer\/","name":"Zimmer - Hotel Vittorio","isPartOf":{"@id":"https:\/\/hotelvittorio.it\/#website"},"primaryImageOfPage":{"@id":"https:\/\/hotelvittorio.it\/de\/zimmer\/#primaryimage"},"image":{"@id":"https:\/\/hotelvittorio.it\/de\/zimmer\/#primaryimage"},"thumbnailUrl":"https:\/\/hotelvittorio.it\/wp-content\/uploads\/2019\/07\/IMG_6205.jpg","datePublished":"2019-07-18T09:35:14+00:00","dateModified":"2024-10-23T17:06:28+00:00","breadcrumb":{"@id":"https:\/\/hotelvittorio.it\/de\/zimmer\/#breadcrumb"},"inLanguage":"de","potentialAction":[{"@type":"ReadAction","target":["https:\/\/hotelvittorio.it\/de\/zimmer\/"]}]},{"@type":"ImageObject","inLanguage":"de","@id":"https:\/\/hotelvittorio.it\/de\/zimmer\/#primaryimage","url":"https:\/\/hotelvittorio.it\/wp-content\/uploads\/2019\/07\/IMG_6205.jpg","contentUrl":"https:\/\/hotelvittorio.it\/wp-content\/uploads\/2019\/07\/IMG_6205.jpg","width":2048,"height":1365,"caption":"Terrazza Hotel Vittorio Desenzano del Garda"},{"@type":"BreadcrumbList","@id":"https:\/\/hotelvittorio.it\/de\/zimmer\/#breadcrumb","itemListElement":[{"@type":"ListItem","position":1,"name":"Home","item":"https:\/\/hotelvittorio.it\/de\/"},{"@type":"ListItem","position":2,"name":"Zimmer"}]},{"@type":"WebSite","@id":"https:\/\/hotelvittorio.it\/#website","url":"https:\/\/hotelvittorio.it\/","name":"Hotel Vittorio","description":"Hotel Vittorio","potentialAction":[{"@type":"SearchAction","target":{"@type":"EntryPoint","urlTemplate":"https:\/\/hotelvittorio.it\/?s={search_term_string}"},"query-input":{"@type":"PropertyValueSpecification","valueRequired":true,"valueName":"search_term_string"}}],"inLanguage":"de"}]}},"_links":{"self":[{"href":"https:\/\/hotelvittorio.it\/de\/wp-json\/wp\/v2\/pages\/1650","targetHints":{"allow":["GET"]}}],"collection":[{"href":"https:\/\/hotelvittorio.it\/de\/wp-json\/wp\/v2\/pages"}],"about":[{"href":"https:\/\/hotelvittorio.it\/de\/wp-json\/wp\/v2\/types\/page"}],"author":[{"embeddable":true,"href":"https:\/\/hotelvittorio.it\/de\/wp-json\/wp\/v2\/users\/1"}],"replies":[{"embeddable":true,"href":"https:\/\/hotelvittorio.it\/de\/wp-json\/wp\/v2\/comments?post=1650"}],"version-history":[{"count":12,"href":"https:\/\/hotelvittorio.it\/de\/wp-json\/wp\/v2\/pages\/1650\/revisions"}],"predecessor-version":[{"id":2450,"href":"https:\/\/hotelvittorio.it\/de\/wp-json\/wp\/v2\/pages\/1650\/revisions\/2450"}],"wp:featuredmedia":[{"embeddable":true,"href":"https:\/\/hotelvittorio.it\/de\/wp-json\/wp\/v2\/media\/415"}],"wp:attachment":[{"href":"https:\/\/hotelvittorio.it\/de\/wp-json\/wp\/v2\/media?parent=1650"}],"curies":[{"name":"wp","href":"https:\/\/api.w.org\/{rel}","templated":true}]}}